{"id":9659,"date":"2022-05-03T11:12:34","date_gmt":"2022-05-03T11:12:34","guid":{"rendered":"https:\/\/sanremoguide.it\/evenements-san-remo\/defile-de-fleurs-de-san-remo\/"},"modified":"2022-06-17T16:23:55","modified_gmt":"2022-06-17T16:23:55","slug":"defile-de-fleurs-de-san-remo","status":"publish","type":"page","link":"https:\/\/sanremoguide.it\/fr\/evenements-san-remo\/defile-de-fleurs-de-san-remo\/","title":{"rendered":"D\u00e9fil\u00e9 de fleurs de San Remo"},"content":{"rendered":"<p>[et_pb_section fb_built=\u00a0\u00bb1&Prime; fullwidth=\u00a0\u00bbon\u00a0\u00bb _builder_version=\u00a0\u00bb4.17.4&Prime; _module_preset=\u00a0\u00bbdefault\u00a0\u00bb locked=\u00a0\u00bboff\u00a0\u00bb global_colors_info=\u00a0\u00bb{}\u00a0\u00bb][et_pb_fullwidth_slider _builder_version=\u00a0\u00bb4.17.4&Prime; _module_preset=\u00a0\u00bbdefault\u00a0\u00bb background_image=\u00a0\u00bbhttps:\/\/sanremoguide.it\/wp-content\/uploads\/2018\/09\/Luca_Lombardi_Sanremo_La_Primavera.jpg\u00a0\u00bb global_colors_info=\u00a0\u00bb{}\u00a0\u00bb][et_pb_slide heading=\u00a0\u00bbD\u00e9fil\u00e9 de fleurs de San Remo\u00a0\u00bb _builder_version=\u00a0\u00bb4.17.4&Prime; _module_preset=\u00a0\u00bbdefault\u00a0\u00bb custom_button=\u00a0\u00bbon\u00a0\u00bb button_text_color=\u00a0\u00bb#256b00&Prime; button_bg_color=\u00a0\u00bb#f2b500&Prime; button_border_color=\u00a0\u00bb#FFFFFF\u00a0\u00bb button_icon=\u00a0\u00bb&#x41;||divi||400&Prime; text_orientation=\u00a0\u00bbcenter\u00a0\u00bb background_layout=\u00a0\u00bblight\u00a0\u00bb box_shadow_style_button=\u00a0\u00bbpreset1&Prime; text_shadow_style=\u00a0\u00bbpreset3&Prime; global_colors_info=\u00a0\u00bb{}\u00a0\u00bb sticky_transition=\u00a0\u00bbon\u00a0\u00bb][\/et_pb_slide][\/et_pb_fullwidth_slider][\/et_pb_section][et_pb_section fb_built=\u00a0\u00bb1&Prime; admin_label=\u00a0\u00bbsection\u00a0\u00bb _builder_version=\u00a0\u00bb4.16&Prime; global_colors_info=\u00a0\u00bb{}\u00a0\u00bb][et_pb_row admin_label=\u00a0\u00bbrow\u00a0\u00bb _builder_version=\u00a0\u00bb4.16&Prime; background_size=\u00a0\u00bbinitial\u00a0\u00bb background_position=\u00a0\u00bbtop_left\u00a0\u00bb background_repeat=\u00a0\u00bbrepeat\u00a0\u00bb global_colors_info=\u00a0\u00bb{}\u00a0\u00bb][et_pb_column type=\u00a0\u00bb4_4&Prime; _builder_version=\u00a0\u00bb4.16&Prime; custom_padding=\u00a0\u00bb|||\u00a0\u00bb global_colors_info=\u00a0\u00bb{}\u00a0\u00bb custom_padding__hover=\u00a0\u00bb|||\u00a0\u00bb][et_pb_text admin_label=\u00a0\u00bbText\u00a0\u00bb _builder_version=\u00a0\u00bb4.16&Prime; background_size=\u00a0\u00bbinitial\u00a0\u00bb background_position=\u00a0\u00bbtop_left\u00a0\u00bb background_repeat=\u00a0\u00bbrepeat\u00a0\u00bb global_colors_info=\u00a0\u00bb{}\u00a0\u00bb]<b>La premi\u00e8re \u00e9dition de \u201cCorso Fiorito\u201d a eu lieu en janvier 1904 et s&rsquo;appelait \u201cFesta della dea Flora\u201d (f\u00eate de la d\u00e9esse Flora). Il y avait un d\u00e9fil\u00e9 de cal\u00e8ches \u00ab\u00a0florales\u00a0\u00bb sur lesquelles \u00e9taient affich\u00e9es les derni\u00e8res nouveaut\u00e9s belles et color\u00e9es cr\u00e9\u00e9es par le g\u00e9nie des \u00ab\u00a0pionniers des fleurs\u00a0\u00bb.<\/b><\/p>\n<p><img decoding=\"async\" class=\"aligncenter\" src=\"https:\/\/www.sanremoguide.it\/uploads\/SanRemo_CorsoFiorito01_350x200.jpg\" alt=\"Carro allegorico al Corso Fiorito di Sanremo - Sanremo in Fiore - Foto APT RdF\" \/><\/p>\n<p><span style=\"font-weight: 400;\">Cet \u00e9v\u00e9nement a eu un tel succ\u00e8s qu&rsquo;il a eu lieu ann\u00e9e apr\u00e8s ann\u00e9e et a \u00e9galement donn\u00e9 lieu \u00e0 la \u00abbataille des fleurs\u00bb au cours de laquelle plusieurs chars sont enti\u00e8rement recouverts de fleurs.<\/span><\/p>\n<p><span style=\"font-weight: 400;\">Apr\u00e8s la guerre, le d\u00e9fil\u00e9 a \u00e9t\u00e9 appel\u00e9 <\/span><b>\u201cItalia in fiore\u201d <\/b><span style=\"font-weight: 400;\">(c&rsquo;est-\u00e0-dire l&rsquo;Italie en fleur) et \u00e9tait accompagn\u00e9 par des groupes et des groupes de folklore. Gr\u00e2ce \u00e0 ce d\u00e9fil\u00e9, San Remo est ainsi devenue la Ville des Fleurs par excellence.<\/span><\/p>\n<p><span style=\"font-weight: 400;\">De nos jours, le Corso Fiorito est l\u2019un des \u00e9v\u00e9nements les plus importants de San Remo et certainement le plus attendu. Les phases pr\u00e9liminaires durent plusieurs mois, puis tout se passe en une seule nuit: du coucher du soleil \u00e0 l&rsquo;aube, les chars s&rsquo;\u00e9panouissent gr\u00e2ce \u00e0 la comp\u00e9tence des personnes qui les pr\u00e9parent. Des milliers de fleurs color\u00e9es cr\u00e9ent de merveilleuses compositions: visages, robes, animaux, nuages, \u00e9toiles et sc\u00e8nes, toutes cr\u00e9\u00e9es \u00e0 partir de fleurs.<\/span><\/p>\n<p><span style=\"font-weight: 400;\">Quand la lune c\u00e8de la place au lever du jour, les flotteurs sont pr\u00eats. Le festin peut commencer. Et les rues de la ville sont donc pleines de vie, anim\u00e9es par la musique des groupes qui accompagnent chaque ann\u00e9e le d\u00e9fil\u00e9.<\/span>[\/et_pb_text][\/et_pb_column][\/et_pb_row][\/et_pb_section][et_pb_section fb_built=\u00a0\u00bb1&Prime; fullwidth=\u00a0\u00bbon\u00a0\u00bb _builder_version=\u00a0\u00bb4.17.4&Prime; _module_preset=\u00a0\u00bbdefault\u00a0\u00bb global_module=\u00a0\u00bb12524&Prime; saved_tabs=\u00a0\u00bball\u00a0\u00bb locked=\u00a0\u00bboff\u00a0\u00bb collapsed=\u00a0\u00bboff\u00a0\u00bb global_colors_info=\u00a0\u00bb{}\u00a0\u00bb][et_pb_fullwidth_slider _builder_version=\u00a0\u00bb4.17.4&Prime; _module_preset=\u00a0\u00bbdefault\u00a0\u00bb global_colors_info=\u00a0\u00bb{}\u00a0\u00bb][et_pb_slide heading=\u00a0\u00bbESCURSIONI ED EXPERIENCE A SANREMO E IN RIVIERA\u00a0\u00bb button_text=\u00a0\u00bbRICHIEDI IL CATALOGO\u00a0\u00bb button_link=\u00a0\u00bbhttps:\/\/sanremoguide.it\/contatti\u00a0\u00bb image=\u00a0\u00bbhttps:\/\/sanremoguide.it\/wp-content\/uploads\/2022\/06\/itouriviera.png\u00a0\u00bb _builder_version=\u00a0\u00bb4.17.4&Prime; _module_preset=\u00a0\u00bbdefault\u00a0\u00bb background_image=\u00a0\u00bbhttps:\/\/sanremoguide.it\/wp-content\/uploads\/2018\/07\/luca-lombardi-sanremo_bn.jpg\u00a0\u00bb background_enable_image=\u00a0\u00bbon\u00a0\u00bb custom_button=\u00a0\u00bbon\u00a0\u00bb button_bg_color=\u00a0\u00bb#E09900&Prime; button_border_width=\u00a0\u00bb1px\u00a0\u00bb button_border_color=\u00a0\u00bb#FFFFFF\u00a0\u00bb global_colors_info=\u00a0\u00bb{}\u00a0\u00bb sticky_transition=\u00a0\u00bbon\u00a0\u00bb][\/et_pb_slide][\/et_pb_fullwidth_slider][\/et_pb_section]<\/p>\n","protected":false},"excerpt":{"rendered":"<p>La premi\u00e8re \u00e9dition de \u201cCorso Fiorito\u201d a eu lieu en janvier 1904 et s&rsquo;appelait \u201cFesta della dea Flora\u201d (f\u00eate de la d\u00e9esse Flora). Il y avait un d\u00e9fil\u00e9 de cal\u00e8ches \u00ab\u00a0florales\u00a0\u00bb sur lesquelles \u00e9taient affich\u00e9es les derni\u00e8res nouveaut\u00e9s belles et color\u00e9es cr\u00e9\u00e9es par le g\u00e9nie des \u00ab\u00a0pionniers des fleurs\u00a0\u00bb. Cet \u00e9v\u00e9nement a eu un tel [&hellip;]<\/p>\n","protected":false},"author":1,"featured_media":0,"parent":9653,"menu_order":0,"comment_status":"closed","ping_status":"closed","template":"","meta":{"_et_pb_use_builder":"on","_et_pb_old_content":"<b>La premi\u00e8re \u00e9dition de \u201cCorso Fiorito\u201d a eu lieu en janvier 1904 et s'appelait \u201cFesta della dea Flora\u201d (f\u00eate de la d\u00e9esse Flora). Il y avait un d\u00e9fil\u00e9 de cal\u00e8ches \"florales\" sur lesquelles \u00e9taient affich\u00e9es les derni\u00e8res nouveaut\u00e9s belles et color\u00e9es cr\u00e9\u00e9es par le g\u00e9nie des \"pionniers des fleurs\".<\/b>\r\n\r\n<img class=\"aligncenter\" src=\"https:\/\/www.sanremoguide.it\/uploads\/SanRemo_CorsoFiorito01_350x200.jpg\" alt=\"Carro allegorico al Corso Fiorito di Sanremo - Sanremo in Fiore - Foto APT RdF\" \/>\r\n\r\n<span style=\"font-weight: 400;\">Cet \u00e9v\u00e9nement a eu un tel succ\u00e8s qu'il a eu lieu ann\u00e9e apr\u00e8s ann\u00e9e et a \u00e9galement donn\u00e9 lieu \u00e0 la \u00abbataille des fleurs\u00bb au cours de laquelle plusieurs chars sont enti\u00e8rement recouverts de fleurs.<\/span>\r\n\r\n<span style=\"font-weight: 400;\">Apr\u00e8s la guerre, le d\u00e9fil\u00e9 a \u00e9t\u00e9 appel\u00e9 <\/span><b>\u201cItalia in fiore\u201d <\/b><span style=\"font-weight: 400;\">(c'est-\u00e0-dire l'Italie en fleur) et \u00e9tait accompagn\u00e9 par des groupes et des groupes de folklore. Gr\u00e2ce \u00e0 ce d\u00e9fil\u00e9, San Remo est ainsi devenue la Ville des Fleurs par excellence.<\/span>\r\n\r\n<span style=\"font-weight: 400;\">De nos jours, le Corso Fiorito est l\u2019un des \u00e9v\u00e9nements les plus importants de San Remo et certainement le plus attendu. Les phases pr\u00e9liminaires durent plusieurs mois, puis tout se passe en une seule nuit: du coucher du soleil \u00e0 l'aube, les chars s'\u00e9panouissent gr\u00e2ce \u00e0 la comp\u00e9tence des personnes qui les pr\u00e9parent. Des milliers de fleurs color\u00e9es cr\u00e9ent de merveilleuses compositions: visages, robes, animaux, nuages, \u00e9toiles et sc\u00e8nes, toutes cr\u00e9\u00e9es \u00e0 partir de fleurs.<\/span>\r\n\r\n<span style=\"font-weight: 400;\">Quand la lune c\u00e8de la place au lever du jour, les flotteurs sont pr\u00eats. Le festin peut commencer. Et les rues de la ville sont donc pleines de vie, anim\u00e9es par la musique des groupes qui accompagnent chaque ann\u00e9e le d\u00e9fil\u00e9.<\/span>","_et_gb_content_width":"","footnotes":""},"class_list":["post-9659","page","type-page","status-publish","hentry"],"yoast_head":"<!-- This site is optimized with the Yoast SEO plugin v27.4 - https:\/\/yoast.com\/product\/yoast-seo-wordpress\/ -->\n<title>Sanremo in Fiore - le d\u00e9fil\u00e9 de fleurs du carnaval de Sanremo<\/title>\n<meta name=\"description\" content=\"Grande f\u00eate des fleurs \u00e0 Sanremo \u00e0 l&#039;occasion de l&#039;\u00e9v\u00e9nement Sanremo in Fiore. Les Carri Fioriti (charrettes de fleurs) \u00e9gayent vos vacances \u00e0 Sanremo, visitez Sanremo en hiver\" \/>\n<meta name=\"robots\" content=\"index, follow, max-snippet:-1, max-image-preview:large, max-video-preview:-1\" \/>\n<link rel=\"canonical\" href=\"https:\/\/sanremoguide.it\/fr\/evenements-san-remo\/defile-de-fleurs-de-san-remo\/\" \/>\n<meta property=\"og:locale\" content=\"fr_FR\" \/>\n<meta property=\"og:type\" content=\"article\" \/>\n<meta property=\"og:title\" content=\"Sanremo in Fiore - le d\u00e9fil\u00e9 de fleurs du carnaval de Sanremo\" \/>\n<meta property=\"og:description\" content=\"Grande f\u00eate des fleurs \u00e0 Sanremo \u00e0 l&#039;occasion de l&#039;\u00e9v\u00e9nement Sanremo in Fiore. Les Carri Fioriti (charrettes de fleurs) \u00e9gayent vos vacances \u00e0 Sanremo, visitez Sanremo en hiver\" \/>\n<meta property=\"og:url\" content=\"https:\/\/sanremoguide.it\/fr\/evenements-san-remo\/defile-de-fleurs-de-san-remo\/\" \/>\n<meta property=\"og:site_name\" content=\"SANREMO GUIDE | la guida turistica di Sanremo\" \/>\n<meta property=\"article:modified_time\" content=\"2022-06-17T16:23:55+00:00\" \/>\n<meta property=\"og:image\" content=\"https:\/\/www.sanremoguide.it\/uploads\/SanRemo_CorsoFiorito01_350x200.jpg\" \/>\n<meta name=\"twitter:label1\" content=\"Dur\u00e9e de lecture estim\u00e9e\" \/>\n\t<meta name=\"twitter:data1\" content=\"3 minutes\" \/>\n<script type=\"application\/ld+json\" class=\"yoast-schema-graph\">{\"@context\":\"https:\\\/\\\/schema.org\",\"@graph\":[{\"@type\":\"WebPage\",\"@id\":\"https:\\\/\\\/sanremoguide.it\\\/fr\\\/evenements-san-remo\\\/defile-de-fleurs-de-san-remo\\\/\",\"url\":\"https:\\\/\\\/sanremoguide.it\\\/fr\\\/evenements-san-remo\\\/defile-de-fleurs-de-san-remo\\\/\",\"name\":\"Sanremo in Fiore - le d\u00e9fil\u00e9 de fleurs du carnaval de Sanremo\",\"isPartOf\":{\"@id\":\"https:\\\/\\\/sanremoguide.it\\\/#website\"},\"primaryImageOfPage\":{\"@id\":\"https:\\\/\\\/sanremoguide.it\\\/fr\\\/evenements-san-remo\\\/defile-de-fleurs-de-san-remo\\\/#primaryimage\"},\"image\":{\"@id\":\"https:\\\/\\\/sanremoguide.it\\\/fr\\\/evenements-san-remo\\\/defile-de-fleurs-de-san-remo\\\/#primaryimage\"},\"thumbnailUrl\":\"https:\\\/\\\/www.sanremoguide.it\\\/uploads\\\/SanRemo_CorsoFiorito01_350x200.jpg\",\"datePublished\":\"2022-05-03T11:12:34+00:00\",\"dateModified\":\"2022-06-17T16:23:55+00:00\",\"description\":\"Grande f\u00eate des fleurs \u00e0 Sanremo \u00e0 l'occasion de l'\u00e9v\u00e9nement Sanremo in Fiore. Les Carri Fioriti (charrettes de fleurs) \u00e9gayent vos vacances \u00e0 Sanremo, visitez Sanremo en hiver\",\"breadcrumb\":{\"@id\":\"https:\\\/\\\/sanremoguide.it\\\/fr\\\/evenements-san-remo\\\/defile-de-fleurs-de-san-remo\\\/#breadcrumb\"},\"inLanguage\":\"fr-FR\",\"potentialAction\":[{\"@type\":\"ReadAction\",\"target\":[\"https:\\\/\\\/sanremoguide.it\\\/fr\\\/evenements-san-remo\\\/defile-de-fleurs-de-san-remo\\\/\"]}]},{\"@type\":\"ImageObject\",\"inLanguage\":\"fr-FR\",\"@id\":\"https:\\\/\\\/sanremoguide.it\\\/fr\\\/evenements-san-remo\\\/defile-de-fleurs-de-san-remo\\\/#primaryimage\",\"url\":\"https:\\\/\\\/www.sanremoguide.it\\\/uploads\\\/SanRemo_CorsoFiorito01_350x200.jpg\",\"contentUrl\":\"https:\\\/\\\/www.sanremoguide.it\\\/uploads\\\/SanRemo_CorsoFiorito01_350x200.jpg\"},{\"@type\":\"BreadcrumbList\",\"@id\":\"https:\\\/\\\/sanremoguide.it\\\/fr\\\/evenements-san-remo\\\/defile-de-fleurs-de-san-remo\\\/#breadcrumb\",\"itemListElement\":[{\"@type\":\"ListItem\",\"position\":1,\"name\":\"Home\",\"item\":\"https:\\\/\\\/sanremoguide.it\\\/\"},{\"@type\":\"ListItem\",\"position\":2,\"name\":\"Ev\u00e8nements San Remo\",\"item\":\"https:\\\/\\\/sanremoguide.it\\\/fr\\\/evenements-san-remo\\\/\"},{\"@type\":\"ListItem\",\"position\":3,\"name\":\"D\u00e9fil\u00e9 de fleurs de San Remo\"}]},{\"@type\":\"WebSite\",\"@id\":\"https:\\\/\\\/sanremoguide.it\\\/#website\",\"url\":\"https:\\\/\\\/sanremoguide.it\\\/\",\"name\":\"SANREMO GUIDE | la guida turistica di Sanremo\",\"description\":\"la guida turistica della citt\u00e0 di Sanremo\",\"potentialAction\":[{\"@type\":\"SearchAction\",\"target\":{\"@type\":\"EntryPoint\",\"urlTemplate\":\"https:\\\/\\\/sanremoguide.it\\\/?s={search_term_string}\"},\"query-input\":{\"@type\":\"PropertyValueSpecification\",\"valueRequired\":true,\"valueName\":\"search_term_string\"}}],\"inLanguage\":\"fr-FR\"}]}<\/script>\n<!-- \/ Yoast SEO plugin. -->","yoast_head_json":{"title":"Sanremo in Fiore - le d\u00e9fil\u00e9 de fleurs du carnaval de Sanremo","description":"Grande f\u00eate des fleurs \u00e0 Sanremo \u00e0 l'occasion de l'\u00e9v\u00e9nement Sanremo in Fiore. Les Carri Fioriti (charrettes de fleurs) \u00e9gayent vos vacances \u00e0 Sanremo, visitez Sanremo en hiver","robots":{"index":"index","follow":"follow","max-snippet":"max-snippet:-1","max-image-preview":"max-image-preview:large","max-video-preview":"max-video-preview:-1"},"canonical":"https:\/\/sanremoguide.it\/fr\/evenements-san-remo\/defile-de-fleurs-de-san-remo\/","og_locale":"fr_FR","og_type":"article","og_title":"Sanremo in Fiore - le d\u00e9fil\u00e9 de fleurs du carnaval de Sanremo","og_description":"Grande f\u00eate des fleurs \u00e0 Sanremo \u00e0 l'occasion de l'\u00e9v\u00e9nement Sanremo in Fiore. Les Carri Fioriti (charrettes de fleurs) \u00e9gayent vos vacances \u00e0 Sanremo, visitez Sanremo en hiver","og_url":"https:\/\/sanremoguide.it\/fr\/evenements-san-remo\/defile-de-fleurs-de-san-remo\/","og_site_name":"SANREMO GUIDE | la guida turistica di Sanremo","article_modified_time":"2022-06-17T16:23:55+00:00","og_image":[{"url":"https:\/\/www.sanremoguide.it\/uploads\/SanRemo_CorsoFiorito01_350x200.jpg","type":"","width":"","height":""}],"twitter_misc":{"Dur\u00e9e de lecture estim\u00e9e":"3 minutes"},"schema":{"@context":"https:\/\/schema.org","@graph":[{"@type":"WebPage","@id":"https:\/\/sanremoguide.it\/fr\/evenements-san-remo\/defile-de-fleurs-de-san-remo\/","url":"https:\/\/sanremoguide.it\/fr\/evenements-san-remo\/defile-de-fleurs-de-san-remo\/","name":"Sanremo in Fiore - le d\u00e9fil\u00e9 de fleurs du carnaval de Sanremo","isPartOf":{"@id":"https:\/\/sanremoguide.it\/#website"},"primaryImageOfPage":{"@id":"https:\/\/sanremoguide.it\/fr\/evenements-san-remo\/defile-de-fleurs-de-san-remo\/#primaryimage"},"image":{"@id":"https:\/\/sanremoguide.it\/fr\/evenements-san-remo\/defile-de-fleurs-de-san-remo\/#primaryimage"},"thumbnailUrl":"https:\/\/www.sanremoguide.it\/uploads\/SanRemo_CorsoFiorito01_350x200.jpg","datePublished":"2022-05-03T11:12:34+00:00","dateModified":"2022-06-17T16:23:55+00:00","description":"Grande f\u00eate des fleurs \u00e0 Sanremo \u00e0 l'occasion de l'\u00e9v\u00e9nement Sanremo in Fiore. Les Carri Fioriti (charrettes de fleurs) \u00e9gayent vos vacances \u00e0 Sanremo, visitez Sanremo en hiver","breadcrumb":{"@id":"https:\/\/sanremoguide.it\/fr\/evenements-san-remo\/defile-de-fleurs-de-san-remo\/#breadcrumb"},"inLanguage":"fr-FR","potentialAction":[{"@type":"ReadAction","target":["https:\/\/sanremoguide.it\/fr\/evenements-san-remo\/defile-de-fleurs-de-san-remo\/"]}]},{"@type":"ImageObject","inLanguage":"fr-FR","@id":"https:\/\/sanremoguide.it\/fr\/evenements-san-remo\/defile-de-fleurs-de-san-remo\/#primaryimage","url":"https:\/\/www.sanremoguide.it\/uploads\/SanRemo_CorsoFiorito01_350x200.jpg","contentUrl":"https:\/\/www.sanremoguide.it\/uploads\/SanRemo_CorsoFiorito01_350x200.jpg"},{"@type":"BreadcrumbList","@id":"https:\/\/sanremoguide.it\/fr\/evenements-san-remo\/defile-de-fleurs-de-san-remo\/#breadcrumb","itemListElement":[{"@type":"ListItem","position":1,"name":"Home","item":"https:\/\/sanremoguide.it\/"},{"@type":"ListItem","position":2,"name":"Ev\u00e8nements San Remo","item":"https:\/\/sanremoguide.it\/fr\/evenements-san-remo\/"},{"@type":"ListItem","position":3,"name":"D\u00e9fil\u00e9 de fleurs de San Remo"}]},{"@type":"WebSite","@id":"https:\/\/sanremoguide.it\/#website","url":"https:\/\/sanremoguide.it\/","name":"SANREMO GUIDE | la guida turistica di Sanremo","description":"la guida turistica della citt\u00e0 di Sanremo","potentialAction":[{"@type":"SearchAction","target":{"@type":"EntryPoint","urlTemplate":"https:\/\/sanremoguide.it\/?s={search_term_string}"},"query-input":{"@type":"PropertyValueSpecification","valueRequired":true,"valueName":"search_term_string"}}],"inLanguage":"fr-FR"}]}},"_links":{"self":[{"href":"https:\/\/sanremoguide.it\/fr\/wp-json\/wp\/v2\/pages\/9659","targetHints":{"allow":["GET"]}}],"collection":[{"href":"https:\/\/sanremoguide.it\/fr\/wp-json\/wp\/v2\/pages"}],"about":[{"href":"https:\/\/sanremoguide.it\/fr\/wp-json\/wp\/v2\/types\/page"}],"author":[{"embeddable":true,"href":"https:\/\/sanremoguide.it\/fr\/wp-json\/wp\/v2\/users\/1"}],"replies":[{"embeddable":true,"href":"https:\/\/sanremoguide.it\/fr\/wp-json\/wp\/v2\/comments?post=9659"}],"version-history":[{"count":2,"href":"https:\/\/sanremoguide.it\/fr\/wp-json\/wp\/v2\/pages\/9659\/revisions"}],"predecessor-version":[{"id":13136,"href":"https:\/\/sanremoguide.it\/fr\/wp-json\/wp\/v2\/pages\/9659\/revisions\/13136"}],"up":[{"embeddable":true,"href":"https:\/\/sanremoguide.it\/fr\/wp-json\/wp\/v2\/pages\/9653"}],"wp:attachment":[{"href":"https:\/\/sanremoguide.it\/fr\/wp-json\/wp\/v2\/media?parent=9659"}],"curies":[{"name":"wp","href":"https:\/\/api.w.org\/{rel}","templated":true}]}}