{"id":9676,"date":"2022-05-03T12:19:22","date_gmt":"2022-05-03T12:19:22","guid":{"rendered":"https:\/\/sanremoguide.it\/meteo\/"},"modified":"2022-06-17T16:35:03","modified_gmt":"2022-06-17T16:35:03","slug":"meteo","status":"publish","type":"page","link":"https:\/\/sanremoguide.it\/fr\/infos-pratiques\/climat-et-meteo-a-sanremo\/meteo\/","title":{"rendered":"M\u00e9t\u00e9o"},"content":{"rendered":"<p>[et_pb_section fb_built=\u00a0\u00bb1&Prime; fullwidth=\u00a0\u00bbon\u00a0\u00bb _builder_version=\u00a0\u00bb4.17.4&Prime; _module_preset=\u00a0\u00bbdefault\u00a0\u00bb locked=\u00a0\u00bboff\u00a0\u00bb global_colors_info=\u00a0\u00bb{}\u00a0\u00bb][et_pb_fullwidth_slider _builder_version=\u00a0\u00bb4.17.4&Prime; _module_preset=\u00a0\u00bbdefault\u00a0\u00bb background_image=\u00a0\u00bbhttps:\/\/sanremoguide.it\/wp-content\/uploads\/2018\/09\/Luca_Lombardi_Sanremo_La_Primavera.jpg\u00a0\u00bb global_colors_info=\u00a0\u00bb{}\u00a0\u00bb][et_pb_slide heading=\u00a0\u00bbM\u00e9t\u00e9o\u00a0\u00bb _builder_version=\u00a0\u00bb4.17.4&Prime; _module_preset=\u00a0\u00bbdefault\u00a0\u00bb custom_button=\u00a0\u00bbon\u00a0\u00bb button_text_color=\u00a0\u00bb#256b00&Prime; button_bg_color=\u00a0\u00bb#f2b500&Prime; button_border_color=\u00a0\u00bb#FFFFFF\u00a0\u00bb button_icon=\u00a0\u00bb&#x41;||divi||400&Prime; text_orientation=\u00a0\u00bbcenter\u00a0\u00bb background_layout=\u00a0\u00bblight\u00a0\u00bb box_shadow_style_button=\u00a0\u00bbpreset1&Prime; text_shadow_style=\u00a0\u00bbpreset3&Prime; global_colors_info=\u00a0\u00bb{}\u00a0\u00bb sticky_transition=\u00a0\u00bbon\u00a0\u00bb][\/et_pb_slide][\/et_pb_fullwidth_slider][\/et_pb_section][et_pb_section fb_built=\u00a0\u00bb1&Prime; admin_label=\u00a0\u00bbsection\u00a0\u00bb _builder_version=\u00a0\u00bb4.16&Prime; global_colors_info=\u00a0\u00bb{}\u00a0\u00bb][et_pb_row admin_label=\u00a0\u00bbrow\u00a0\u00bb _builder_version=\u00a0\u00bb4.16&Prime; background_size=\u00a0\u00bbinitial\u00a0\u00bb background_position=\u00a0\u00bbtop_left\u00a0\u00bb background_repeat=\u00a0\u00bbrepeat\u00a0\u00bb global_colors_info=\u00a0\u00bb{}\u00a0\u00bb][et_pb_column type=\u00a0\u00bb4_4&Prime; _builder_version=\u00a0\u00bb4.16&Prime; custom_padding=\u00a0\u00bb|||\u00a0\u00bb global_colors_info=\u00a0\u00bb{}\u00a0\u00bb custom_padding__hover=\u00a0\u00bb|||\u00a0\u00bb][et_pb_text admin_label=\u00a0\u00bbText\u00a0\u00bb _builder_version=\u00a0\u00bb4.16&Prime; background_size=\u00a0\u00bbinitial\u00a0\u00bb background_position=\u00a0\u00bbtop_left\u00a0\u00bb background_repeat=\u00a0\u00bbrepeat\u00a0\u00bb global_colors_info=\u00a0\u00bb{}\u00a0\u00bb]<b>M\u00e9t\u00e9o<\/b><\/p>\n<p><b>La Riviera des Fleurs est le lieu id\u00e9al pour organiser des \u00e9v\u00e9nements en toute saison. Chaque mois de l&rsquo;ann\u00e9e b\u00e9n\u00e9ficie d&rsquo;un temps agr\u00e9able gr\u00e2ce au climat temp\u00e9r\u00e9 de la r\u00e9gion, qui s&rsquo;\u00e9tend de longues journ\u00e9es ensoleill\u00e9es avec la mer le long de la c\u00f4te au raccourcissement de l&rsquo;hiver, m\u00eame le plus long.<\/b><\/p>\n<p><span style=\"font-weight: 400;\">Il y a environ 20 \u00e9v\u00e9nements remarquables organis\u00e9s chaque ann\u00e9e dans la r\u00e9gion, allant de spectacles de th\u00e9\u00e2tre \u00e0 des \u00e9v\u00e9nements culturels, sportifs, mais aussi internationaux. Tous ces \u00e9l\u00e9ments sont \u00e9videmment de nature diff\u00e9rente, mais ils ne manqueront pas de divertir ceux qui viennent \u00e0 eux.<\/span><\/p>\n<p><span style=\"font-weight: 400;\">Ces \u00e9v\u00e9nements, qui se d\u00e9roulent principalement \u00e0 l\u2019ext\u00e9rieur, enrichiront les vacances de chacun tandis que le climat agr\u00e9able toute l\u2019ann\u00e9e, la beaut\u00e9 de l\u2019arri\u00e8re-pays et la beaut\u00e9 de la mer compl\u00e8tent le tableau. Sanremo, Imperia, Ventimiglia, Taggia \u2026\u2026 les villages de la r\u00e9gion qui sont riches en culture et en vie, tout cela et bien d\u2019autres encore attireront certainement l\u2019\u0153il et retiendront l\u2019attention de tous les visiteurs. Chaque \u00e9v\u00e9nement est unique et incontournable, qu&rsquo;il s&rsquo;agisse d&rsquo;une production th\u00e9\u00e2trale, d&rsquo;un concours sportif, d&rsquo;une repr\u00e9sentation historique ou d&rsquo;une procession de chars \u00e0 fleurs. La sp\u00e9cificit\u00e9 de la Riviera se voit mieux dans ces manifestations o\u00f9 la vraie nature et les points les plus forts de la r\u00e9gion prennent souvent vie.<\/span><\/p>\n<p><span style=\"font-weight: 400;\">La mer et le vent dans les comp\u00e9titions sportives, les vieilles villes avec leurs places, les \u00e9glises et les palais, la lumi\u00e8re douce qui contribue \u00e0 cr\u00e9er une atmosph\u00e8re envo\u00fbtante comme toile de fond pour les productions th\u00e9\u00e2trales mises en sc\u00e8ne lors des chaudes soir\u00e9es d&rsquo;\u00e9t\u00e9. Dernier point, mais non des moindres, nous avons les processions des chars \u00e0 fleurs qui portent en triomphe les produits typiques de ce coin de la Ligurie et donnent \u00e9galement leur nom \u00e0 la r\u00e9gion, \u00abRiviera dei Fiori\u00bb.<\/span>[\/et_pb_text][\/et_pb_column][\/et_pb_row][\/et_pb_section][et_pb_section fb_built=\u00a0\u00bb1&Prime; fullwidth=\u00a0\u00bbon\u00a0\u00bb _builder_version=\u00a0\u00bb4.17.4&Prime; _module_preset=\u00a0\u00bbdefault\u00a0\u00bb global_module=\u00a0\u00bb12524&Prime; saved_tabs=\u00a0\u00bball\u00a0\u00bb locked=\u00a0\u00bboff\u00a0\u00bb collapsed=\u00a0\u00bboff\u00a0\u00bb global_colors_info=\u00a0\u00bb{}\u00a0\u00bb][et_pb_fullwidth_slider _builder_version=\u00a0\u00bb4.17.4&Prime; _module_preset=\u00a0\u00bbdefault\u00a0\u00bb global_colors_info=\u00a0\u00bb{}\u00a0\u00bb][et_pb_slide heading=\u00a0\u00bbESCURSIONI ED EXPERIENCE A SANREMO E IN RIVIERA\u00a0\u00bb button_text=\u00a0\u00bbRICHIEDI IL CATALOGO\u00a0\u00bb button_link=\u00a0\u00bbhttps:\/\/sanremoguide.it\/contatti\u00a0\u00bb image=\u00a0\u00bbhttps:\/\/sanremoguide.it\/wp-content\/uploads\/2022\/06\/itouriviera.png\u00a0\u00bb _builder_version=\u00a0\u00bb4.17.4&Prime; _module_preset=\u00a0\u00bbdefault\u00a0\u00bb background_image=\u00a0\u00bbhttps:\/\/sanremoguide.it\/wp-content\/uploads\/2018\/07\/luca-lombardi-sanremo_bn.jpg\u00a0\u00bb background_enable_image=\u00a0\u00bbon\u00a0\u00bb custom_button=\u00a0\u00bbon\u00a0\u00bb button_bg_color=\u00a0\u00bb#E09900&Prime; button_border_width=\u00a0\u00bb1px\u00a0\u00bb button_border_color=\u00a0\u00bb#FFFFFF\u00a0\u00bb global_colors_info=\u00a0\u00bb{}\u00a0\u00bb sticky_transition=\u00a0\u00bbon\u00a0\u00bb][\/et_pb_slide][\/et_pb_fullwidth_slider][\/et_pb_section]<\/p>\n","protected":false},"excerpt":{"rendered":"<p>M\u00e9t\u00e9o La Riviera des Fleurs est le lieu id\u00e9al pour organiser des \u00e9v\u00e9nements en toute saison. Chaque mois de l&rsquo;ann\u00e9e b\u00e9n\u00e9ficie d&rsquo;un temps agr\u00e9able gr\u00e2ce au climat temp\u00e9r\u00e9 de la r\u00e9gion, qui s&rsquo;\u00e9tend de longues journ\u00e9es ensoleill\u00e9es avec la mer le long de la c\u00f4te au raccourcissement de l&rsquo;hiver, m\u00eame le plus long. Il y [&hellip;]<\/p>\n","protected":false},"author":1,"featured_media":0,"parent":12791,"menu_order":0,"comment_status":"closed","ping_status":"closed","template":"","meta":{"_et_pb_use_builder":"on","_et_pb_old_content":"<b>M\u00e9t\u00e9o<\/b>\r\n\r\n<b>La Riviera des Fleurs est le lieu id\u00e9al pour organiser des \u00e9v\u00e9nements en toute saison. Chaque mois de l'ann\u00e9e b\u00e9n\u00e9ficie d'un temps agr\u00e9able gr\u00e2ce au climat temp\u00e9r\u00e9 de la r\u00e9gion, qui s'\u00e9tend de longues journ\u00e9es ensoleill\u00e9es avec la mer le long de la c\u00f4te au raccourcissement de l'hiver, m\u00eame le plus long.<\/b>\r\n\r\n<span style=\"font-weight: 400;\">Il y a environ 20 \u00e9v\u00e9nements remarquables organis\u00e9s chaque ann\u00e9e dans la r\u00e9gion, allant de spectacles de th\u00e9\u00e2tre \u00e0 des \u00e9v\u00e9nements culturels, sportifs, mais aussi internationaux. Tous ces \u00e9l\u00e9ments sont \u00e9videmment de nature diff\u00e9rente, mais ils ne manqueront pas de divertir ceux qui viennent \u00e0 eux.<\/span>\r\n\r\n<span style=\"font-weight: 400;\">Ces \u00e9v\u00e9nements, qui se d\u00e9roulent principalement \u00e0 l\u2019ext\u00e9rieur, enrichiront les vacances de chacun tandis que le climat agr\u00e9able toute l\u2019ann\u00e9e, la beaut\u00e9 de l\u2019arri\u00e8re-pays et la beaut\u00e9 de la mer compl\u00e8tent le tableau. Sanremo, Imperia, Ventimiglia, Taggia \u2026\u2026 les villages de la r\u00e9gion qui sont riches en culture et en vie, tout cela et bien d\u2019autres encore attireront certainement l\u2019\u0153il et retiendront l\u2019attention de tous les visiteurs. Chaque \u00e9v\u00e9nement est unique et incontournable, qu'il s'agisse d'une production th\u00e9\u00e2trale, d'un concours sportif, d'une repr\u00e9sentation historique ou d'une procession de chars \u00e0 fleurs. La sp\u00e9cificit\u00e9 de la Riviera se voit mieux dans ces manifestations o\u00f9 la vraie nature et les points les plus forts de la r\u00e9gion prennent souvent vie.<\/span>\r\n\r\n<span style=\"font-weight: 400;\">La mer et le vent dans les comp\u00e9titions sportives, les vieilles villes avec leurs places, les \u00e9glises et les palais, la lumi\u00e8re douce qui contribue \u00e0 cr\u00e9er une atmosph\u00e8re envo\u00fbtante comme toile de fond pour les productions th\u00e9\u00e2trales mises en sc\u00e8ne lors des chaudes soir\u00e9es d'\u00e9t\u00e9. Dernier point, mais non des moindres, nous avons les processions des chars \u00e0 fleurs qui portent en triomphe les produits typiques de ce coin de la Ligurie et donnent \u00e9galement leur nom \u00e0 la r\u00e9gion, \u00abRiviera dei Fiori\u00bb.<\/span>","_et_gb_content_width":"","footnotes":""},"class_list":["post-9676","page","type-page","status-publish","hentry"],"yoast_head":"<!-- This site is optimized with the Yoast SEO plugin v27.4 - https:\/\/yoast.com\/product\/yoast-seo-wordpress\/ -->\n<title>M\u00e9t\u00e9o Sanremo | M\u00e9t\u00e9o \u00e0 Sanremo | Guide Sanremo<\/title>\n<meta name=\"description\" content=\"Le temps de Sanremo avec des pr\u00e9visions m\u00e9t\u00e9orologiques et les conditions m\u00e9t\u00e9orologiques de Sanremo avec des images satellites.\" \/>\n<meta name=\"robots\" content=\"index, follow, max-snippet:-1, max-image-preview:large, max-video-preview:-1\" \/>\n<link rel=\"canonical\" href=\"https:\/\/sanremoguide.it\/fr\/infos-pratiques\/climat-et-meteo-a-sanremo\/meteo\/\" \/>\n<meta property=\"og:locale\" content=\"fr_FR\" \/>\n<meta property=\"og:type\" content=\"article\" \/>\n<meta property=\"og:title\" content=\"M\u00e9t\u00e9o Sanremo | M\u00e9t\u00e9o \u00e0 Sanremo | Guide Sanremo\" \/>\n<meta property=\"og:description\" content=\"Le temps de Sanremo avec des pr\u00e9visions m\u00e9t\u00e9orologiques et les conditions m\u00e9t\u00e9orologiques de Sanremo avec des images satellites.\" \/>\n<meta property=\"og:url\" content=\"https:\/\/sanremoguide.it\/fr\/infos-pratiques\/climat-et-meteo-a-sanremo\/meteo\/\" \/>\n<meta property=\"og:site_name\" content=\"SANREMO GUIDE | la guida turistica di Sanremo\" \/>\n<meta property=\"article:modified_time\" content=\"2022-06-17T16:35:03+00:00\" \/>\n<meta name=\"twitter:label1\" content=\"Dur\u00e9e de lecture estim\u00e9e\" \/>\n\t<meta name=\"twitter:data1\" content=\"3 minutes\" \/>\n<script type=\"application\/ld+json\" class=\"yoast-schema-graph\">{\"@context\":\"https:\\\/\\\/schema.org\",\"@graph\":[{\"@type\":\"WebPage\",\"@id\":\"https:\\\/\\\/sanremoguide.it\\\/fr\\\/infos-pratiques\\\/climat-et-meteo-a-sanremo\\\/meteo\\\/\",\"url\":\"https:\\\/\\\/sanremoguide.it\\\/fr\\\/infos-pratiques\\\/climat-et-meteo-a-sanremo\\\/meteo\\\/\",\"name\":\"M\u00e9t\u00e9o Sanremo | M\u00e9t\u00e9o \u00e0 Sanremo | Guide Sanremo\",\"isPartOf\":{\"@id\":\"https:\\\/\\\/sanremoguide.it\\\/#website\"},\"datePublished\":\"2022-05-03T12:19:22+00:00\",\"dateModified\":\"2022-06-17T16:35:03+00:00\",\"description\":\"Le temps de Sanremo avec des pr\u00e9visions m\u00e9t\u00e9orologiques et les conditions m\u00e9t\u00e9orologiques de Sanremo avec des images satellites.\",\"breadcrumb\":{\"@id\":\"https:\\\/\\\/sanremoguide.it\\\/fr\\\/infos-pratiques\\\/climat-et-meteo-a-sanremo\\\/meteo\\\/#breadcrumb\"},\"inLanguage\":\"fr-FR\",\"potentialAction\":[{\"@type\":\"ReadAction\",\"target\":[\"https:\\\/\\\/sanremoguide.it\\\/fr\\\/infos-pratiques\\\/climat-et-meteo-a-sanremo\\\/meteo\\\/\"]}]},{\"@type\":\"BreadcrumbList\",\"@id\":\"https:\\\/\\\/sanremoguide.it\\\/fr\\\/infos-pratiques\\\/climat-et-meteo-a-sanremo\\\/meteo\\\/#breadcrumb\",\"itemListElement\":[{\"@type\":\"ListItem\",\"position\":1,\"name\":\"Home\",\"item\":\"https:\\\/\\\/sanremoguide.it\\\/\"},{\"@type\":\"ListItem\",\"position\":2,\"name\":\"INFOS PRATIQUES\",\"item\":\"https:\\\/\\\/sanremoguide.it\\\/info-pratiche\\\/\"},{\"@type\":\"ListItem\",\"position\":3,\"name\":\"CLIMAT ET METEO A SANREMO\",\"item\":\"https:\\\/\\\/sanremoguide.it\\\/info-pratiche\\\/clima-e-tempo-sanremo\\\/\"},{\"@type\":\"ListItem\",\"position\":4,\"name\":\"M\u00e9t\u00e9o\"}]},{\"@type\":\"WebSite\",\"@id\":\"https:\\\/\\\/sanremoguide.it\\\/#website\",\"url\":\"https:\\\/\\\/sanremoguide.it\\\/\",\"name\":\"SANREMO GUIDE | la guida turistica di Sanremo\",\"description\":\"la guida turistica della citt\u00e0 di Sanremo\",\"potentialAction\":[{\"@type\":\"SearchAction\",\"target\":{\"@type\":\"EntryPoint\",\"urlTemplate\":\"https:\\\/\\\/sanremoguide.it\\\/?s={search_term_string}\"},\"query-input\":{\"@type\":\"PropertyValueSpecification\",\"valueRequired\":true,\"valueName\":\"search_term_string\"}}],\"inLanguage\":\"fr-FR\"}]}<\/script>\n<!-- \/ Yoast SEO plugin. -->","yoast_head_json":{"title":"M\u00e9t\u00e9o Sanremo | M\u00e9t\u00e9o \u00e0 Sanremo | Guide Sanremo","description":"Le temps de Sanremo avec des pr\u00e9visions m\u00e9t\u00e9orologiques et les conditions m\u00e9t\u00e9orologiques de Sanremo avec des images satellites.","robots":{"index":"index","follow":"follow","max-snippet":"max-snippet:-1","max-image-preview":"max-image-preview:large","max-video-preview":"max-video-preview:-1"},"canonical":"https:\/\/sanremoguide.it\/fr\/infos-pratiques\/climat-et-meteo-a-sanremo\/meteo\/","og_locale":"fr_FR","og_type":"article","og_title":"M\u00e9t\u00e9o Sanremo | M\u00e9t\u00e9o \u00e0 Sanremo | Guide Sanremo","og_description":"Le temps de Sanremo avec des pr\u00e9visions m\u00e9t\u00e9orologiques et les conditions m\u00e9t\u00e9orologiques de Sanremo avec des images satellites.","og_url":"https:\/\/sanremoguide.it\/fr\/infos-pratiques\/climat-et-meteo-a-sanremo\/meteo\/","og_site_name":"SANREMO GUIDE | la guida turistica di Sanremo","article_modified_time":"2022-06-17T16:35:03+00:00","twitter_misc":{"Dur\u00e9e de lecture estim\u00e9e":"3 minutes"},"schema":{"@context":"https:\/\/schema.org","@graph":[{"@type":"WebPage","@id":"https:\/\/sanremoguide.it\/fr\/infos-pratiques\/climat-et-meteo-a-sanremo\/meteo\/","url":"https:\/\/sanremoguide.it\/fr\/infos-pratiques\/climat-et-meteo-a-sanremo\/meteo\/","name":"M\u00e9t\u00e9o Sanremo | M\u00e9t\u00e9o \u00e0 Sanremo | Guide Sanremo","isPartOf":{"@id":"https:\/\/sanremoguide.it\/#website"},"datePublished":"2022-05-03T12:19:22+00:00","dateModified":"2022-06-17T16:35:03+00:00","description":"Le temps de Sanremo avec des pr\u00e9visions m\u00e9t\u00e9orologiques et les conditions m\u00e9t\u00e9orologiques de Sanremo avec des images satellites.","breadcrumb":{"@id":"https:\/\/sanremoguide.it\/fr\/infos-pratiques\/climat-et-meteo-a-sanremo\/meteo\/#breadcrumb"},"inLanguage":"fr-FR","potentialAction":[{"@type":"ReadAction","target":["https:\/\/sanremoguide.it\/fr\/infos-pratiques\/climat-et-meteo-a-sanremo\/meteo\/"]}]},{"@type":"BreadcrumbList","@id":"https:\/\/sanremoguide.it\/fr\/infos-pratiques\/climat-et-meteo-a-sanremo\/meteo\/#breadcrumb","itemListElement":[{"@type":"ListItem","position":1,"name":"Home","item":"https:\/\/sanremoguide.it\/"},{"@type":"ListItem","position":2,"name":"INFOS PRATIQUES","item":"https:\/\/sanremoguide.it\/info-pratiche\/"},{"@type":"ListItem","position":3,"name":"CLIMAT ET METEO A SANREMO","item":"https:\/\/sanremoguide.it\/info-pratiche\/clima-e-tempo-sanremo\/"},{"@type":"ListItem","position":4,"name":"M\u00e9t\u00e9o"}]},{"@type":"WebSite","@id":"https:\/\/sanremoguide.it\/#website","url":"https:\/\/sanremoguide.it\/","name":"SANREMO GUIDE | la guida turistica di Sanremo","description":"la guida turistica della citt\u00e0 di Sanremo","potentialAction":[{"@type":"SearchAction","target":{"@type":"EntryPoint","urlTemplate":"https:\/\/sanremoguide.it\/?s={search_term_string}"},"query-input":{"@type":"PropertyValueSpecification","valueRequired":true,"valueName":"search_term_string"}}],"inLanguage":"fr-FR"}]}},"_links":{"self":[{"href":"https:\/\/sanremoguide.it\/fr\/wp-json\/wp\/v2\/pages\/9676","targetHints":{"allow":["GET"]}}],"collection":[{"href":"https:\/\/sanremoguide.it\/fr\/wp-json\/wp\/v2\/pages"}],"about":[{"href":"https:\/\/sanremoguide.it\/fr\/wp-json\/wp\/v2\/types\/page"}],"author":[{"embeddable":true,"href":"https:\/\/sanremoguide.it\/fr\/wp-json\/wp\/v2\/users\/1"}],"replies":[{"embeddable":true,"href":"https:\/\/sanremoguide.it\/fr\/wp-json\/wp\/v2\/comments?post=9676"}],"version-history":[{"count":2,"href":"https:\/\/sanremoguide.it\/fr\/wp-json\/wp\/v2\/pages\/9676\/revisions"}],"predecessor-version":[{"id":13154,"href":"https:\/\/sanremoguide.it\/fr\/wp-json\/wp\/v2\/pages\/9676\/revisions\/13154"}],"up":[{"embeddable":true,"href":"https:\/\/sanremoguide.it\/fr\/wp-json\/wp\/v2\/pages\/12791"}],"wp:attachment":[{"href":"https:\/\/sanremoguide.it\/fr\/wp-json\/wp\/v2\/media?parent=9676"}],"curies":[{"name":"wp","href":"https:\/\/api.w.org\/{rel}","templated":true}]}}