{"id":9683,"date":"2022-05-03T12:35:15","date_gmt":"2022-05-03T12:35:15","guid":{"rendered":"https:\/\/sanremoguide.it\/san-remo-la-ville-des-fleurs\/marche-aux-fleurs\/"},"modified":"2022-06-18T10:28:47","modified_gmt":"2022-06-18T10:28:47","slug":"marche-aux-fleurs","status":"publish","type":"page","link":"https:\/\/sanremoguide.it\/fr\/la-ville-de-sanremo\/san-remo-la-ville-des-fleurs\/marche-aux-fleurs\/","title":{"rendered":"March\u00e9 aux fleurs"},"content":{"rendered":"<p>[et_pb_section fb_built=\u00a0\u00bb1&Prime; fullwidth=\u00a0\u00bbon\u00a0\u00bb _builder_version=\u00a0\u00bb4.17.4&Prime; _module_preset=\u00a0\u00bbdefault\u00a0\u00bb locked=\u00a0\u00bboff\u00a0\u00bb global_colors_info=\u00a0\u00bb{}\u00a0\u00bb][et_pb_fullwidth_slider _builder_version=\u00a0\u00bb4.17.4&Prime; _module_preset=\u00a0\u00bbdefault\u00a0\u00bb background_image=\u00a0\u00bbhttps:\/\/sanremoguide.it\/wp-content\/uploads\/2018\/09\/Luca_Lombardi_Sanremo_La_Primavera.jpg\u00a0\u00bb global_colors_info=\u00a0\u00bb{}\u00a0\u00bb][et_pb_slide heading=\u00a0\u00bbMarch\u00e9 aux fleurs\u00a0\u00bb _builder_version=\u00a0\u00bb4.17.4&Prime; _module_preset=\u00a0\u00bbdefault\u00a0\u00bb custom_button=\u00a0\u00bbon\u00a0\u00bb button_text_color=\u00a0\u00bb#256b00&Prime; button_bg_color=\u00a0\u00bb#f2b500&Prime; button_border_color=\u00a0\u00bb#FFFFFF\u00a0\u00bb button_icon=\u00a0\u00bb&#x41;||divi||400&Prime; text_orientation=\u00a0\u00bbcenter\u00a0\u00bb background_layout=\u00a0\u00bblight\u00a0\u00bb box_shadow_style_button=\u00a0\u00bbpreset1&Prime; text_shadow_style=\u00a0\u00bbpreset3&Prime; global_colors_info=\u00a0\u00bb{}\u00a0\u00bb sticky_transition=\u00a0\u00bbon\u00a0\u00bb][\/et_pb_slide][\/et_pb_fullwidth_slider][\/et_pb_section][et_pb_section fb_built=\u00a0\u00bb1&Prime; admin_label=\u00a0\u00bbsection\u00a0\u00bb _builder_version=\u00a0\u00bb4.16&Prime; global_colors_info=\u00a0\u00bb{}\u00a0\u00bb][et_pb_row admin_label=\u00a0\u00bbrow\u00a0\u00bb _builder_version=\u00a0\u00bb4.16&Prime; background_size=\u00a0\u00bbinitial\u00a0\u00bb background_position=\u00a0\u00bbtop_left\u00a0\u00bb background_repeat=\u00a0\u00bbrepeat\u00a0\u00bb global_colors_info=\u00a0\u00bb{}\u00a0\u00bb][et_pb_column type=\u00a0\u00bb4_4&Prime; _builder_version=\u00a0\u00bb4.16&Prime; custom_padding=\u00a0\u00bb|||\u00a0\u00bb global_colors_info=\u00a0\u00bb{}\u00a0\u00bb custom_padding__hover=\u00a0\u00bb|||\u00a0\u00bb][et_pb_text admin_label=\u00a0\u00bbText\u00a0\u00bb _builder_version=\u00a0\u00bb4.17.4&Prime; background_size=\u00a0\u00bbinitial\u00a0\u00bb background_position=\u00a0\u00bbtop_left\u00a0\u00bb background_repeat=\u00a0\u00bbrepeat\u00a0\u00bb hover_enabled=\u00a0\u00bb0&Prime; global_colors_info=\u00a0\u00bb{}\u00a0\u00bb sticky_enabled=\u00a0\u00bb0&Prime;]<b>Le march\u00e9 aux fleurs de Sanremo est le centre le plus important de l&rsquo;industrie florale du sud de l&rsquo;Europe et du littoral m\u00e9diterran\u00e9en. Vous y trouverez une gamme compl\u00e8te de fleurs coup\u00e9es, de feuilles et de frondes, une attention particuli\u00e8re \u00e9tant r\u00e9serv\u00e9e \u00e0 celles de la r\u00e9gion m\u00e9diterran\u00e9enne.<\/b><\/p>\n<p><img decoding=\"async\" class=\"aligncenter\" style=\"height: auto; max-width: 100%; display: block; margin-left: auto; margin-right: auto; color: #666666; font-family: 'Open Sans', Arial, sans-serif; font-size: 14px; font-style: normal; font-variant-ligatures: normal; font-variant-caps: normal; font-weight: 500; letter-spacing: normal; orphans: 2; text-align: justify; text-indent: 0px; text-transform: none; white-space: normal; widows: 2; word-spacing: 0px; -webkit-text-stroke-width: 0px; background-color: #eeeeee; text-decoration-thickness: initial; text-decoration-style: initial; text-decoration-color: initial;\" src=\"https:\/\/www.sanremoguide.it\/uploads\/SanRemo_mercatofiori_350x200.jpg\" alt=\"&lt;b&gt;Il mercato dei fiori di Sanremo&lt;\/b&gt; - Foto APT RdF\" \/><\/p>\n<p><span style=\"font-weight: 400;\">Il s\u2019agit d\u2019une vaste structure, dot\u00e9e de vastes espaces de stationnement, de zones de chargement et de d\u00e9chargement, de bureaux et de services pour les secteurs de la production et du commerce.<\/span><\/p>\n<p><b>Information<\/b><\/p>\n<ul>\n<li><span style=\"font-weight: 400;\">Surface totale: environ 120 000 m\u00e8tres carr\u00e9s\u00a0<\/span><\/li>\n<li><span style=\"font-weight: 400;\">Surface de la salle des ventes: 18 000 m2\u00a0<\/span><\/li>\n<li><span style=\"font-weight: 400;\">Surface de bureaux et de services: 7 000 m\u00e8tres carr\u00e9s\u00a0<\/span><\/li>\n<li><span style=\"font-weight: 400;\">Surface de chargement et de d\u00e9chargement des v\u00e9hicules utilitaires: 28 000 m2\u00a0<\/span><\/li>\n<li><span style=\"font-weight: 400;\">Parking couvert: 10 000 m\u00e8tres carr\u00e9s\u00a0<\/span><\/li>\n<li><span style=\"font-weight: 400;\">Surface de stationnement: 35 000 m\u00e8tres carr\u00e9s\u00a0<\/span><\/li>\n<li><span style=\"font-weight: 400;\">Espace d&rsquo;entrep\u00f4t: 20 000 m\u00e8tres carr\u00e9s. (62 entrep\u00f4ts commerciaux et 9 entrep\u00f4ts pour les coop\u00e9ratives)\u00a0<\/span><\/li>\n<li ><span style=\"font-weight: 400;\">Acc\u00e8s: la zone de vente est reli\u00e9e \u00e0 la zone de stationnement par une route ext\u00e9rieure en forme d\u2019anneau.\u00a0<\/span><\/li>\n<\/ul>\n<p>[\/et_pb_text][\/et_pb_column][\/et_pb_row][\/et_pb_section][et_pb_section fb_built=\u00a0\u00bb1&Prime; fullwidth=\u00a0\u00bbon\u00a0\u00bb _builder_version=\u00a0\u00bb4.17.4&Prime; _module_preset=\u00a0\u00bbdefault\u00a0\u00bb global_module=\u00a0\u00bb12524&Prime; saved_tabs=\u00a0\u00bball\u00a0\u00bb locked=\u00a0\u00bboff\u00a0\u00bb collapsed=\u00a0\u00bboff\u00a0\u00bb global_colors_info=\u00a0\u00bb{}\u00a0\u00bb][et_pb_fullwidth_slider _builder_version=\u00a0\u00bb4.17.4&Prime; _module_preset=\u00a0\u00bbdefault\u00a0\u00bb global_colors_info=\u00a0\u00bb{}\u00a0\u00bb][et_pb_slide heading=\u00a0\u00bbEXCURSIONS ET EXP\u00c9RIENCES D&rsquo;UNE JOURN\u00c9E \u00c0 SANREMO ET RIVIERA\u00a0\u00bb button_text=\u00a0\u00bbDEMANDER LE CATALOGUE\u00a0\u00bb button_link=\u00a0\u00bbhttps:\/\/sanremoguide.it\/contact\u00a0\u00bb image=\u00a0\u00bbhttps:\/\/sanremoguide.it\/wp-content\/uploads\/2022\/06\/itouriviera.png\u00a0\u00bb _builder_version=\u00a0\u00bb4.17.4&Prime; _module_preset=\u00a0\u00bbdefault\u00a0\u00bb background_image=\u00a0\u00bbhttps:\/\/sanremoguide.it\/wp-content\/uploads\/2018\/07\/luca-lombardi-sanremo_bn.jpg\u00a0\u00bb background_enable_image=\u00a0\u00bbon\u00a0\u00bb custom_button=\u00a0\u00bbon\u00a0\u00bb button_bg_color=\u00a0\u00bb#E09900&Prime; button_border_width=\u00a0\u00bb1px\u00a0\u00bb button_border_color=\u00a0\u00bb#FFFFFF\u00a0\u00bb global_colors_info=\u00a0\u00bb{}\u00a0\u00bb sticky_transition=\u00a0\u00bbon\u00a0\u00bb][\/et_pb_slide][\/et_pb_fullwidth_slider][\/et_pb_section]<\/p>\n","protected":false},"excerpt":{"rendered":"<p>Le march\u00e9 aux fleurs de Sanremo est le centre le plus important de l&rsquo;industrie florale du sud de l&rsquo;Europe et du littoral m\u00e9diterran\u00e9en. Vous y trouverez une gamme compl\u00e8te de fleurs coup\u00e9es, de feuilles et de frondes, une attention particuli\u00e8re \u00e9tant r\u00e9serv\u00e9e \u00e0 celles de la r\u00e9gion m\u00e9diterran\u00e9enne. Il s\u2019agit d\u2019une vaste structure, dot\u00e9e de [&hellip;]<\/p>\n","protected":false},"author":1,"featured_media":0,"parent":9679,"menu_order":0,"comment_status":"closed","ping_status":"closed","template":"","meta":{"_et_pb_use_builder":"on","_et_pb_old_content":"<b>Le march\u00e9 aux fleurs de Sanremo est le centre le plus important de l'industrie florale du sud de l'Europe et du littoral m\u00e9diterran\u00e9en. Vous y trouverez une gamme compl\u00e8te de fleurs coup\u00e9es, de feuilles et de frondes, une attention particuli\u00e8re \u00e9tant r\u00e9serv\u00e9e \u00e0 celles de la r\u00e9gion m\u00e9diterran\u00e9enne.<\/b>\r\n\r\n<img class=\"aligncenter\" style=\"height: auto; max-width: 100%; display: block; margin-left: auto; margin-right: auto; color: #666666; font-family: 'Open Sans', Arial, sans-serif; font-size: 14px; font-style: normal; font-variant-ligatures: normal; font-variant-caps: normal; font-weight: 500; letter-spacing: normal; orphans: 2; text-align: justify; text-indent: 0px; text-transform: none; white-space: normal; widows: 2; word-spacing: 0px; -webkit-text-stroke-width: 0px; background-color: #eeeeee; text-decoration-thickness: initial; text-decoration-style: initial; text-decoration-color: initial;\" src=\"https:\/\/www.sanremoguide.it\/uploads\/SanRemo_mercatofiori_350x200.jpg\" alt=\"<b>Il mercato dei fiori di Sanremo<\/b> - Foto APT RdF\" \/>\r\n\r\n<span style=\"font-weight: 400;\">Il s\u2019agit d\u2019une vaste structure, dot\u00e9e de vastes espaces de stationnement, de zones de chargement et de d\u00e9chargement, de bureaux et de services pour les secteurs de la production et du commerce.<\/span>\r\n\r\n<b>Information<\/b>\r\n<ul>\r\n \t<li style=\"font-weight: 400;\" aria-level=\"2\"><span style=\"font-weight: 400;\">Surface totale: environ 120 000 m\u00e8tres carr\u00e9s\u00a0<\/span><\/li>\r\n<\/ul>\r\n<ul>\r\n \t<li style=\"font-weight: 400;\" aria-level=\"2\"><span style=\"font-weight: 400;\">Surface de la salle des ventes: 18 000 m2\u00a0<\/span><\/li>\r\n<\/ul>\r\n<ul>\r\n \t<li style=\"font-weight: 400;\" aria-level=\"2\"><span style=\"font-weight: 400;\">Surface de bureaux et de services: 7 000 m\u00e8tres carr\u00e9s\u00a0<\/span><\/li>\r\n<\/ul>\r\n<ul>\r\n \t<li style=\"font-weight: 400;\" aria-level=\"2\"><span style=\"font-weight: 400;\">Surface de chargement et de d\u00e9chargement des v\u00e9hicules utilitaires: 28 000 m2\u00a0<\/span><\/li>\r\n<\/ul>\r\n<ul>\r\n \t<li style=\"font-weight: 400;\" aria-level=\"2\"><span style=\"font-weight: 400;\">Parking couvert: 10 000 m\u00e8tres carr\u00e9s\u00a0<\/span><\/li>\r\n<\/ul>\r\n<ul>\r\n \t<li style=\"font-weight: 400;\" aria-level=\"2\"><span style=\"font-weight: 400;\">Surface de stationnement: 35 000 m\u00e8tres carr\u00e9s\u00a0<\/span><\/li>\r\n<\/ul>\r\n<ul>\r\n \t<li style=\"font-weight: 400;\" aria-level=\"2\"><span style=\"font-weight: 400;\">Espace d'entrep\u00f4t: 20 000 m\u00e8tres carr\u00e9s. (62 entrep\u00f4ts commerciaux et 9 entrep\u00f4ts pour les coop\u00e9ratives)\u00a0<\/span><\/li>\r\n<\/ul>\r\n<ul>\r\n \t<li style=\"font-weight: 400;\" aria-level=\"1\"><span style=\"font-weight: 400;\">Acc\u00e8s: la zone de vente est reli\u00e9e \u00e0 la zone de stationnement par une route ext\u00e9rieure en forme d\u2019anneau.\u00a0<\/span><\/li>\r\n<\/ul>","_et_gb_content_width":"","footnotes":""},"class_list":["post-9683","page","type-page","status-publish","hentry"],"yoast_head":"<!-- This site is optimized with the Yoast SEO plugin v27.4 - https:\/\/yoast.com\/product\/yoast-seo-wordpress\/ -->\n<title>March\u00e9 aux fleurs de Sanremo - SanRemoGuide -<\/title>\n<meta name=\"description\" content=\"Guide touristique de la ville de Sanremo, avec service de r\u00e9servation en ligne d&#039;h\u00f4tels, de r\u00e9sidences et de forfaits touristiques.\" \/>\n<meta name=\"robots\" content=\"index, follow, max-snippet:-1, max-image-preview:large, max-video-preview:-1\" \/>\n<link rel=\"canonical\" href=\"https:\/\/sanremoguide.it\/fr\/la-ville-de-sanremo\/san-remo-la-ville-des-fleurs\/marche-aux-fleurs\/\" \/>\n<meta property=\"og:locale\" content=\"fr_FR\" \/>\n<meta property=\"og:type\" content=\"article\" \/>\n<meta property=\"og:title\" content=\"March\u00e9 aux fleurs de Sanremo - SanRemoGuide -\" \/>\n<meta property=\"og:description\" content=\"Guide touristique de la ville de Sanremo, avec service de r\u00e9servation en ligne d&#039;h\u00f4tels, de r\u00e9sidences et de forfaits touristiques.\" \/>\n<meta property=\"og:url\" content=\"https:\/\/sanremoguide.it\/fr\/la-ville-de-sanremo\/san-remo-la-ville-des-fleurs\/marche-aux-fleurs\/\" \/>\n<meta property=\"og:site_name\" content=\"SANREMO GUIDE | la guida turistica di Sanremo\" \/>\n<meta property=\"article:modified_time\" content=\"2022-06-18T10:28:47+00:00\" \/>\n<meta property=\"og:image\" content=\"https:\/\/www.sanremoguide.it\/uploads\/SanRemo_mercatofiori_350x200.jpg\" \/>\n<meta name=\"twitter:label1\" content=\"Dur\u00e9e de lecture estim\u00e9e\" \/>\n\t<meta name=\"twitter:data1\" content=\"2 minutes\" \/>\n<script type=\"application\/ld+json\" class=\"yoast-schema-graph\">{\"@context\":\"https:\\\/\\\/schema.org\",\"@graph\":[{\"@type\":\"WebPage\",\"@id\":\"https:\\\/\\\/sanremoguide.it\\\/fr\\\/la-ville-de-sanremo\\\/san-remo-la-ville-des-fleurs\\\/marche-aux-fleurs\\\/\",\"url\":\"https:\\\/\\\/sanremoguide.it\\\/fr\\\/la-ville-de-sanremo\\\/san-remo-la-ville-des-fleurs\\\/marche-aux-fleurs\\\/\",\"name\":\"March\u00e9 aux fleurs de Sanremo - SanRemoGuide -\",\"isPartOf\":{\"@id\":\"https:\\\/\\\/sanremoguide.it\\\/#website\"},\"primaryImageOfPage\":{\"@id\":\"https:\\\/\\\/sanremoguide.it\\\/fr\\\/la-ville-de-sanremo\\\/san-remo-la-ville-des-fleurs\\\/marche-aux-fleurs\\\/#primaryimage\"},\"image\":{\"@id\":\"https:\\\/\\\/sanremoguide.it\\\/fr\\\/la-ville-de-sanremo\\\/san-remo-la-ville-des-fleurs\\\/marche-aux-fleurs\\\/#primaryimage\"},\"thumbnailUrl\":\"https:\\\/\\\/www.sanremoguide.it\\\/uploads\\\/SanRemo_mercatofiori_350x200.jpg\",\"datePublished\":\"2022-05-03T12:35:15+00:00\",\"dateModified\":\"2022-06-18T10:28:47+00:00\",\"description\":\"Guide touristique de la ville de Sanremo, avec service de r\u00e9servation en ligne d'h\u00f4tels, de r\u00e9sidences et de forfaits touristiques.\",\"breadcrumb\":{\"@id\":\"https:\\\/\\\/sanremoguide.it\\\/fr\\\/la-ville-de-sanremo\\\/san-remo-la-ville-des-fleurs\\\/marche-aux-fleurs\\\/#breadcrumb\"},\"inLanguage\":\"fr-FR\",\"potentialAction\":[{\"@type\":\"ReadAction\",\"target\":[\"https:\\\/\\\/sanremoguide.it\\\/fr\\\/la-ville-de-sanremo\\\/san-remo-la-ville-des-fleurs\\\/marche-aux-fleurs\\\/\"]}]},{\"@type\":\"ImageObject\",\"inLanguage\":\"fr-FR\",\"@id\":\"https:\\\/\\\/sanremoguide.it\\\/fr\\\/la-ville-de-sanremo\\\/san-remo-la-ville-des-fleurs\\\/marche-aux-fleurs\\\/#primaryimage\",\"url\":\"https:\\\/\\\/www.sanremoguide.it\\\/uploads\\\/SanRemo_mercatofiori_350x200.jpg\",\"contentUrl\":\"https:\\\/\\\/www.sanremoguide.it\\\/uploads\\\/SanRemo_mercatofiori_350x200.jpg\"},{\"@type\":\"BreadcrumbList\",\"@id\":\"https:\\\/\\\/sanremoguide.it\\\/fr\\\/la-ville-de-sanremo\\\/san-remo-la-ville-des-fleurs\\\/marche-aux-fleurs\\\/#breadcrumb\",\"itemListElement\":[{\"@type\":\"ListItem\",\"position\":1,\"name\":\"Home\",\"item\":\"https:\\\/\\\/sanremoguide.it\\\/\"},{\"@type\":\"ListItem\",\"position\":2,\"name\":\"LA VILLE DE SANREMO\",\"item\":\"https:\\\/\\\/sanremoguide.it\\\/fr\\\/la-ville-de-sanremo\\\/\"},{\"@type\":\"ListItem\",\"position\":3,\"name\":\"San Remo: la ville des fleurs\",\"item\":\"https:\\\/\\\/sanremoguide.it\\\/fr\\\/la-ville-de-sanremo\\\/san-remo-la-ville-des-fleurs\\\/\"},{\"@type\":\"ListItem\",\"position\":4,\"name\":\"March\u00e9 aux fleurs\"}]},{\"@type\":\"WebSite\",\"@id\":\"https:\\\/\\\/sanremoguide.it\\\/#website\",\"url\":\"https:\\\/\\\/sanremoguide.it\\\/\",\"name\":\"SANREMO GUIDE | la guida turistica di Sanremo\",\"description\":\"la guida turistica della citt\u00e0 di Sanremo\",\"potentialAction\":[{\"@type\":\"SearchAction\",\"target\":{\"@type\":\"EntryPoint\",\"urlTemplate\":\"https:\\\/\\\/sanremoguide.it\\\/?s={search_term_string}\"},\"query-input\":{\"@type\":\"PropertyValueSpecification\",\"valueRequired\":true,\"valueName\":\"search_term_string\"}}],\"inLanguage\":\"fr-FR\"}]}<\/script>\n<!-- \/ Yoast SEO plugin. -->","yoast_head_json":{"title":"March\u00e9 aux fleurs de Sanremo - SanRemoGuide -","description":"Guide touristique de la ville de Sanremo, avec service de r\u00e9servation en ligne d'h\u00f4tels, de r\u00e9sidences et de forfaits touristiques.","robots":{"index":"index","follow":"follow","max-snippet":"max-snippet:-1","max-image-preview":"max-image-preview:large","max-video-preview":"max-video-preview:-1"},"canonical":"https:\/\/sanremoguide.it\/fr\/la-ville-de-sanremo\/san-remo-la-ville-des-fleurs\/marche-aux-fleurs\/","og_locale":"fr_FR","og_type":"article","og_title":"March\u00e9 aux fleurs de Sanremo - SanRemoGuide -","og_description":"Guide touristique de la ville de Sanremo, avec service de r\u00e9servation en ligne d'h\u00f4tels, de r\u00e9sidences et de forfaits touristiques.","og_url":"https:\/\/sanremoguide.it\/fr\/la-ville-de-sanremo\/san-remo-la-ville-des-fleurs\/marche-aux-fleurs\/","og_site_name":"SANREMO GUIDE | la guida turistica di Sanremo","article_modified_time":"2022-06-18T10:28:47+00:00","og_image":[{"url":"https:\/\/www.sanremoguide.it\/uploads\/SanRemo_mercatofiori_350x200.jpg","type":"","width":"","height":""}],"twitter_misc":{"Dur\u00e9e de lecture estim\u00e9e":"2 minutes"},"schema":{"@context":"https:\/\/schema.org","@graph":[{"@type":"WebPage","@id":"https:\/\/sanremoguide.it\/fr\/la-ville-de-sanremo\/san-remo-la-ville-des-fleurs\/marche-aux-fleurs\/","url":"https:\/\/sanremoguide.it\/fr\/la-ville-de-sanremo\/san-remo-la-ville-des-fleurs\/marche-aux-fleurs\/","name":"March\u00e9 aux fleurs de Sanremo - SanRemoGuide -","isPartOf":{"@id":"https:\/\/sanremoguide.it\/#website"},"primaryImageOfPage":{"@id":"https:\/\/sanremoguide.it\/fr\/la-ville-de-sanremo\/san-remo-la-ville-des-fleurs\/marche-aux-fleurs\/#primaryimage"},"image":{"@id":"https:\/\/sanremoguide.it\/fr\/la-ville-de-sanremo\/san-remo-la-ville-des-fleurs\/marche-aux-fleurs\/#primaryimage"},"thumbnailUrl":"https:\/\/www.sanremoguide.it\/uploads\/SanRemo_mercatofiori_350x200.jpg","datePublished":"2022-05-03T12:35:15+00:00","dateModified":"2022-06-18T10:28:47+00:00","description":"Guide touristique de la ville de Sanremo, avec service de r\u00e9servation en ligne d'h\u00f4tels, de r\u00e9sidences et de forfaits touristiques.","breadcrumb":{"@id":"https:\/\/sanremoguide.it\/fr\/la-ville-de-sanremo\/san-remo-la-ville-des-fleurs\/marche-aux-fleurs\/#breadcrumb"},"inLanguage":"fr-FR","potentialAction":[{"@type":"ReadAction","target":["https:\/\/sanremoguide.it\/fr\/la-ville-de-sanremo\/san-remo-la-ville-des-fleurs\/marche-aux-fleurs\/"]}]},{"@type":"ImageObject","inLanguage":"fr-FR","@id":"https:\/\/sanremoguide.it\/fr\/la-ville-de-sanremo\/san-remo-la-ville-des-fleurs\/marche-aux-fleurs\/#primaryimage","url":"https:\/\/www.sanremoguide.it\/uploads\/SanRemo_mercatofiori_350x200.jpg","contentUrl":"https:\/\/www.sanremoguide.it\/uploads\/SanRemo_mercatofiori_350x200.jpg"},{"@type":"BreadcrumbList","@id":"https:\/\/sanremoguide.it\/fr\/la-ville-de-sanremo\/san-remo-la-ville-des-fleurs\/marche-aux-fleurs\/#breadcrumb","itemListElement":[{"@type":"ListItem","position":1,"name":"Home","item":"https:\/\/sanremoguide.it\/"},{"@type":"ListItem","position":2,"name":"LA VILLE DE SANREMO","item":"https:\/\/sanremoguide.it\/fr\/la-ville-de-sanremo\/"},{"@type":"ListItem","position":3,"name":"San Remo: la ville des fleurs","item":"https:\/\/sanremoguide.it\/fr\/la-ville-de-sanremo\/san-remo-la-ville-des-fleurs\/"},{"@type":"ListItem","position":4,"name":"March\u00e9 aux fleurs"}]},{"@type":"WebSite","@id":"https:\/\/sanremoguide.it\/#website","url":"https:\/\/sanremoguide.it\/","name":"SANREMO GUIDE | la guida turistica di Sanremo","description":"la guida turistica della citt\u00e0 di Sanremo","potentialAction":[{"@type":"SearchAction","target":{"@type":"EntryPoint","urlTemplate":"https:\/\/sanremoguide.it\/?s={search_term_string}"},"query-input":{"@type":"PropertyValueSpecification","valueRequired":true,"valueName":"search_term_string"}}],"inLanguage":"fr-FR"}]}},"_links":{"self":[{"href":"https:\/\/sanremoguide.it\/fr\/wp-json\/wp\/v2\/pages\/9683","targetHints":{"allow":["GET"]}}],"collection":[{"href":"https:\/\/sanremoguide.it\/fr\/wp-json\/wp\/v2\/pages"}],"about":[{"href":"https:\/\/sanremoguide.it\/fr\/wp-json\/wp\/v2\/types\/page"}],"author":[{"embeddable":true,"href":"https:\/\/sanremoguide.it\/fr\/wp-json\/wp\/v2\/users\/1"}],"replies":[{"embeddable":true,"href":"https:\/\/sanremoguide.it\/fr\/wp-json\/wp\/v2\/comments?post=9683"}],"version-history":[{"count":3,"href":"https:\/\/sanremoguide.it\/fr\/wp-json\/wp\/v2\/pages\/9683\/revisions"}],"predecessor-version":[{"id":13371,"href":"https:\/\/sanremoguide.it\/fr\/wp-json\/wp\/v2\/pages\/9683\/revisions\/13371"}],"up":[{"embeddable":true,"href":"https:\/\/sanremoguide.it\/fr\/wp-json\/wp\/v2\/pages\/9679"}],"wp:attachment":[{"href":"https:\/\/sanremoguide.it\/fr\/wp-json\/wp\/v2\/media?parent=9683"}],"curies":[{"name":"wp","href":"https:\/\/api.w.org\/{rel}","templated":true}]}}